{"id":461,"date":"2020-11-20T09:36:18","date_gmt":"2020-11-20T09:36:18","guid":{"rendered":"https:\/\/www.instalacionscapel.com\/serveis\/calefaccio-i-climatitzacio\/"},"modified":"2026-01-12T11:36:55","modified_gmt":"2026-01-12T11:36:55","slug":"calefaccio-i-climatitzacio","status":"publish","type":"page","link":"https:\/\/www.instalacionscapel.com\/ca\/serveis\/calefaccio-i-climatitzacio\/","title":{"rendered":"Calefacci\u00f3 i climatitzaci\u00f3"},"content":{"rendered":"\t\t<div data-elementor-type=\"wp-page\" data-elementor-id=\"461\" class=\"elementor elementor-461 elementor-80\" data-elementor-post-type=\"page\">\n\t\t\t\t\t\t<section class=\"elementor-section elementor-top-section elementor-element elementor-element-bae18d4 elementor-section-full_width elementor-section-height-default elementor-section-height-default\" data-id=\"bae18d4\" data-element_type=\"section\">\n\t\t\t\t\t\t<div class=\"elementor-container elementor-column-gap-no\">\n\t\t\t\t\t<div class=\"elementor-column elementor-col-100 elementor-top-column elementor-element elementor-element-513557e\" data-id=\"513557e\" data-element_type=\"column\">\n\t\t\t<div class=\"elementor-widget-wrap elementor-element-populated\">\n\t\t\t\t\t\t<div class=\"elementor-element elementor-element-21a0839 elementor--h-position-left elementor--v-position-bottom elementor-arrows-position-inside elementor-widget elementor-widget-slides\" data-id=\"21a0839\" data-element_type=\"widget\" data-settings=\"{&quot;navigation&quot;:&quot;arrows&quot;,&quot;autoplay&quot;:&quot;yes&quot;,&quot;pause_on_hover&quot;:&quot;yes&quot;,&quot;pause_on_interaction&quot;:&quot;yes&quot;,&quot;autoplay_speed&quot;:5000,&quot;infinite&quot;:&quot;yes&quot;,&quot;transition&quot;:&quot;slide&quot;,&quot;transition_speed&quot;:500}\" data-widget_type=\"slides.default\">\n\t\t\t\t<div class=\"elementor-widget-container\">\n\t\t\t\t\t\t\t\t\t<div class=\"elementor-swiper\">\n\t\t\t\t\t<div class=\"elementor-slides-wrapper elementor-main-swiper swiper\" role=\"region\" aria-roledescription=\"carousel\" aria-label=\"Diapositivas\" dir=\"ltr\" data-animation=\"zoomIn\">\n\t\t\t\t<div class=\"swiper-wrapper elementor-slides\">\n\t\t\t\t\t\t\t\t\t\t<div class=\"elementor-repeater-item-2fd9921 swiper-slide\" role=\"group\" aria-roledescription=\"slide\"><div class=\"swiper-slide-bg\" role=\"img\" aria-label=\"electricitat_s\"><\/div><div class=\"swiper-slide-inner\" ><div class=\"swiper-slide-contents\"><div class=\"elementor-slide-heading\">Electricitat<\/div><div class=\"elementor-slide-description\"><p>Dom\u00e8stiques <\/p>\n<p>Industrials <\/p>\n<p>Comercials<\/p>\n<\/div><\/div><\/div><\/div><div class=\"elementor-repeater-item-027212e swiper-slide\" role=\"group\" aria-roledescription=\"slide\"><div class=\"swiper-slide-bg\" role=\"img\" aria-label=\"aigua_s\"><\/div><div class=\"swiper-slide-inner\" ><div class=\"swiper-slide-contents\"><div class=\"elementor-slide-heading\">Aigua<\/div><div class=\"elementor-slide-description\"><p>Instal\u00b7lacions <br \/>Reparacions <br \/>Sanitaris <br \/>Aixetes <\/p>\n<\/div><\/div><\/div><\/div><div class=\"elementor-repeater-item-1d25d66 swiper-slide\" role=\"group\" aria-roledescription=\"slide\"><div class=\"swiper-slide-bg\" role=\"img\" aria-label=\"gas_s\"><\/div><div class=\"swiper-slide-inner\" ><div class=\"swiper-slide-contents\"><div class=\"elementor-slide-heading\">Gas<\/div><div class=\"elementor-slide-description\"><p>Instal\u00b7lacions de gas <br \/>(nivell A) <br \/>Industrials <br \/>Dom\u00e8stiques <\/p>\n<\/div><\/div><\/div><\/div><div class=\"elementor-repeater-item-4fa62f0 swiper-slide\" role=\"group\" aria-roledescription=\"slide\"><div class=\"swiper-slide-bg\" role=\"img\" aria-label=\"climatitzacio_s\"><\/div><div class=\"swiper-slide-inner\" ><div class=\"swiper-slide-contents\"><div class=\"elementor-slide-heading\">Calefacci\u00f3 i <br>climatizaci\u00f3<\/div><div class=\"elementor-slide-description\"><p>Calderes <br \/>Aire acondicionat <br \/>Legalizacions <br \/>Certificacions<\/p>\n<\/div><\/div><\/div><\/div>\t\t\t\t<\/div>\n\t\t\t\t\t\t\t\t\t\t\t\t\t\t\t<div class=\"elementor-swiper-button elementor-swiper-button-prev\" role=\"button\" tabindex=\"0\" aria-label=\"Previous slide\">\n\t\t\t\t\t\t\t<i aria-hidden=\"true\" class=\"eicon-chevron-left\"><\/i>\t\t\t\t\t\t<\/div>\n\t\t\t\t\t\t<div class=\"elementor-swiper-button elementor-swiper-button-next\" role=\"button\" tabindex=\"0\" aria-label=\"Next slide\">\n\t\t\t\t\t\t\t<i aria-hidden=\"true\" class=\"eicon-chevron-right\"><\/i>\t\t\t\t\t\t<\/div>\n\t\t\t\t\t\t\t\t\t\t\t\t\t\t\t\t\t<\/div>\n\t\t\t\t<\/div>\n\t\t\t\t\t\t\t\t<\/div>\n\t\t\t\t<\/div>\n\t\t\t\t\t<\/div>\n\t\t<\/div>\n\t\t\t\t\t<\/div>\n\t\t<\/section>\n\t\t\t\t<section class=\"elementor-section elementor-top-section elementor-element elementor-element-750e3d8 elementor-section-boxed elementor-section-height-default elementor-section-height-default\" data-id=\"750e3d8\" data-element_type=\"section\">\n\t\t\t\t\t\t<div class=\"elementor-container elementor-column-gap-default\">\n\t\t\t\t\t<div class=\"elementor-column elementor-col-100 elementor-top-column elementor-element elementor-element-6c12a0f\" data-id=\"6c12a0f\" data-element_type=\"column\">\n\t\t\t<div class=\"elementor-widget-wrap elementor-element-populated\">\n\t\t\t\t\t\t<div class=\"elementor-element elementor-element-8a72832 elementor-widget elementor-widget-heading\" data-id=\"8a72832\" data-element_type=\"widget\" data-widget_type=\"heading.default\">\n\t\t\t\t<div class=\"elementor-widget-container\">\n\t\t\t\t\t<h2 class=\"elementor-heading-title elementor-size-default\">Calefacci\u00f3 i climatitzaci\u00f3<\/h2>\t\t\t\t<\/div>\n\t\t\t\t<\/div>\n\t\t\t\t<div class=\"elementor-element elementor-element-d90d607 elementor-widget elementor-widget-image\" data-id=\"d90d607\" data-element_type=\"widget\" data-widget_type=\"image.default\">\n\t\t\t\t<div class=\"elementor-widget-container\">\n\t\t\t\t\t\t\t\t\t\t\t\t\t\t\t<img decoding=\"async\" width=\"116\" height=\"116\" src=\"https:\/\/www.instalacionscapel.com\/wp-content\/uploads\/2020\/11\/icona_calefaccio_w.png\" class=\"attachment-large size-large wp-image-363\" alt=\"\" \/>\t\t\t\t\t\t\t\t\t\t\t\t\t\t\t<\/div>\n\t\t\t\t<\/div>\n\t\t\t\t<div class=\"elementor-element elementor-element-368f70c elementor-widget elementor-widget-text-editor\" data-id=\"368f70c\" data-element_type=\"widget\" data-widget_type=\"text-editor.default\">\n\t\t\t\t<div class=\"elementor-widget-container\">\n\t\t\t\t\t\t\t\t\t<ul><li>Fem instal\u00b7lacions de calefacci\u00f3 i climatitzaci\u00f3 en espais p\u00fablics i dom\u00e8stics, a gas o gasoil.<\/li><li>Substituci\u00f3 de calderes.<\/li><li>Aparells d&#8217;aire condicionat de tots els sistemes.<\/li><li>Pressupostos detallats.<\/li><li>Legalitzacions.<\/li><li>Certificat.<\/li><li>Treballem amb les principals marques.<\/li><\/ul>\t\t\t\t\t\t\t\t<\/div>\n\t\t\t\t<\/div>\n\t\t\t\t<div class=\"elementor-element elementor-element-13aea06 gallery-spacing-custom elementor-widget elementor-widget-image-gallery\" data-id=\"13aea06\" data-element_type=\"widget\" data-widget_type=\"image-gallery.default\">\n\t\t\t\t<div class=\"elementor-widget-container\">\n\t\t\t\t\t\t\t<div class=\"elementor-image-gallery\">\n\t\t\t<div id='gallery-1' class='gallery galleryid-461 gallery-columns-2 gallery-size-medium_large'><figure class='gallery-item'>\n\t\t\t<div class='gallery-icon landscape'>\n\t\t\t\t<img fetchpriority=\"high\" decoding=\"async\" width=\"319\" height=\"265\" src=\"https:\/\/www.instalacionscapel.com\/wp-content\/uploads\/2020\/11\/calefaccio1.jpg\" class=\"attachment-medium_large size-medium_large\" alt=\"\" srcset=\"https:\/\/www.instalacionscapel.com\/wp-content\/uploads\/2020\/11\/calefaccio1.jpg 319w, https:\/\/www.instalacionscapel.com\/wp-content\/uploads\/2020\/11\/calefaccio1-300x249.jpg 300w\" sizes=\"(max-width: 319px) 100vw, 319px\" \/>\n\t\t\t<\/div><\/figure><figure class='gallery-item'>\n\t\t\t<div class='gallery-icon landscape'>\n\t\t\t\t<img decoding=\"async\" width=\"470\" height=\"437\" src=\"https:\/\/www.instalacionscapel.com\/wp-content\/uploads\/2020\/11\/calefaccio2.jpg\" class=\"attachment-medium_large size-medium_large\" alt=\"\" srcset=\"https:\/\/www.instalacionscapel.com\/wp-content\/uploads\/2020\/11\/calefaccio2.jpg 470w, https:\/\/www.instalacionscapel.com\/wp-content\/uploads\/2020\/11\/calefaccio2-300x279.jpg 300w\" sizes=\"(max-width: 470px) 100vw, 470px\" \/>\n\t\t\t<\/div><\/figure>\n\t\t<\/div>\n\t\t<\/div>\n\t\t\t\t\t\t<\/div>\n\t\t\t\t<\/div>\n\t\t\t\t\t<\/div>\n\t\t<\/div>\n\t\t\t\t\t<\/div>\n\t\t<\/section>\n\t\t\t\t<section class=\"elementor-section elementor-top-section elementor-element elementor-element-a841d56 elementor-section-boxed elementor-section-height-default elementor-section-height-default\" data-id=\"a841d56\" data-element_type=\"section\">\n\t\t\t\t\t\t<div class=\"elementor-container elementor-column-gap-default\">\n\t\t\t\t\t<div class=\"elementor-column elementor-col-100 elementor-top-column elementor-element elementor-element-f9baa47\" data-id=\"f9baa47\" data-element_type=\"column\">\n\t\t\t<div class=\"elementor-widget-wrap elementor-element-populated\">\n\t\t\t\t\t\t<div class=\"elementor-element elementor-element-d634177 elementor-skin-carousel elementor-widget elementor-widget-media-carousel\" data-id=\"d634177\" data-element_type=\"widget\" data-settings=\"{&quot;slides_per_view&quot;:&quot;9&quot;,&quot;slides_to_scroll&quot;:&quot;9&quot;,&quot;skin&quot;:&quot;carousel&quot;,&quot;effect&quot;:&quot;slide&quot;,&quot;speed&quot;:500,&quot;space_between&quot;:{&quot;unit&quot;:&quot;px&quot;,&quot;size&quot;:10,&quot;sizes&quot;:[]},&quot;space_between_tablet&quot;:{&quot;unit&quot;:&quot;px&quot;,&quot;size&quot;:10,&quot;sizes&quot;:[]},&quot;space_between_mobile&quot;:{&quot;unit&quot;:&quot;px&quot;,&quot;size&quot;:10,&quot;sizes&quot;:[]}}\" data-widget_type=\"media-carousel.default\">\n\t\t\t\t<div class=\"elementor-widget-container\">\n\t\t\t\t\t\t\t\t\t<div class=\"elementor-swiper\">\n\t\t\t\t\t<div class=\"elementor-main-swiper swiper\" role=\"region\" aria-roledescription=\"carousel\" aria-label=\"Diapositivas\">\n\t\t\t\t<div class=\"swiper-wrapper\">\n\t\t\t\t\t\t\t\t\t\t\t<div class=\"swiper-slide\" role=\"group\" aria-roledescription=\"slide\">\n\t\t\t\t\t\t\t<a href=\"https:\/\/www.instalacionscapel.com\/ca\/serveis\/electricitat\/\">\t\t<div class=\"elementor-carousel-image\" role=\"img\" aria-label=\"icona_llum_w\" style=\"background-image: url(&#039;https:\/\/www.instalacionscapel.com\/wp-content\/uploads\/2020\/11\/icona_llum_w.png&#039;)\">\n\n\t\t\t\n\t\t\t\t\t<\/div>\n\t\t<\/a>\t\t\t\t\t\t<\/div>\n\t\t\t\t\t\t\t\t\t\t\t<div class=\"swiper-slide\" role=\"group\" aria-roledescription=\"slide\">\n\t\t\t\t\t\t\t<a href=\"https:\/\/www.instalacionscapel.com\/ca\/serveis\/fontaneria\/\">\t\t<div class=\"elementor-carousel-image\" role=\"img\" aria-label=\"icona_llauner_w\" style=\"background-image: url(&#039;https:\/\/www.instalacionscapel.com\/wp-content\/uploads\/2020\/11\/icona_llauner_w.png&#039;)\">\n\n\t\t\t\n\t\t\t\t\t<\/div>\n\t\t<\/a>\t\t\t\t\t\t<\/div>\n\t\t\t\t\t\t\t\t\t\t\t<div class=\"swiper-slide\" role=\"group\" aria-roledescription=\"slide\">\n\t\t\t\t\t\t\t<a href=\"https:\/\/www.instalacionscapel.com\/ca\/serveis\/gas\/\">\t\t<div class=\"elementor-carousel-image\" role=\"img\" aria-label=\"incona_calefaccio_w\" style=\"background-image: url(&#039;https:\/\/www.instalacionscapel.com\/wp-content\/uploads\/2020\/11\/incona_calefaccio_w.png&#039;)\">\n\n\t\t\t\n\t\t\t\t\t<\/div>\n\t\t<\/a>\t\t\t\t\t\t<\/div>\n\t\t\t\t\t\t\t\t\t\t\t<div class=\"swiper-slide\" role=\"group\" aria-roledescription=\"slide\">\n\t\t\t\t\t\t\t<a href=\"https:\/\/www.instalacionscapel.com\/ca\/serveis\/calefaccio-i-climatitzacio\/\">\t\t<div class=\"elementor-carousel-image\" role=\"img\" aria-label=\"icona_calefaccio_w\" style=\"background-image: url(&#039;https:\/\/www.instalacionscapel.com\/wp-content\/uploads\/2020\/11\/icona_calefaccio_w.png&#039;)\">\n\n\t\t\t\n\t\t\t\t\t<\/div>\n\t\t<\/a>\t\t\t\t\t\t<\/div>\n\t\t\t\t\t\t\t\t\t\t\t<div class=\"swiper-slide\" role=\"group\" aria-roledescription=\"slide\">\n\t\t\t\t\t\t\t<a href=\"https:\/\/www.instalacionscapel.com\/ca\/serveis\/energia-solar\/\">\t\t<div class=\"elementor-carousel-image\" role=\"img\" aria-label=\"icona_solar_w\" style=\"background-image: url(&#039;https:\/\/www.instalacionscapel.com\/wp-content\/uploads\/2020\/11\/icona_solar_w.png&#039;)\">\n\n\t\t\t\n\t\t\t\t\t<\/div>\n\t\t<\/a>\t\t\t\t\t\t<\/div>\n\t\t\t\t\t\t\t\t\t\t\t<div class=\"swiper-slide\" role=\"group\" aria-roledescription=\"slide\">\n\t\t\t\t\t\t\t<a href=\"https:\/\/www.instalacionscapel.com\/ca\/serveis\/telecomunicacions\/\">\t\t<div class=\"elementor-carousel-image\" role=\"img\" aria-label=\"icona_comunicacions_w\" style=\"background-image: url(&#039;https:\/\/www.instalacionscapel.com\/wp-content\/uploads\/2020\/11\/icona_comunicacions_w.png&#039;)\">\n\n\t\t\t\n\t\t\t\t\t<\/div>\n\t\t<\/a>\t\t\t\t\t\t<\/div>\n\t\t\t\t\t\t\t\t\t<\/div>\n\t\t\t\t\t\t\t\t\t\t\t\t\t\t\t\t\t\t\t\t\t<\/div>\n\t\t\t\t<\/div>\n\t\t\t\t\t\t\t\t<\/div>\n\t\t\t\t<\/div>\n\t\t\t\t\t<\/div>\n\t\t<\/div>\n\t\t\t\t\t<\/div>\n\t\t<\/section>\n\t\t\t\t<\/div>\n\t\t","protected":false},"excerpt":{"rendered":"<p>Electricitat Dom\u00e8stiques Industrials Comercials Aigua Instal\u00b7lacions Reparacions Sanitaris Aixetes Gas Instal\u00b7lacions de gas (nivell A) Industrials Dom\u00e8stiques Calefacci\u00f3 i climatizaci\u00f3 Calderes Aire acondicionat Legalizacions Certificacions Calefacci\u00f3 i climatitzaci\u00f3 Fem instal\u00b7lacions de calefacci\u00f3 i climatitzaci\u00f3 en espais p\u00fablics i dom\u00e8stics, a gas o gasoil. Substituci\u00f3 de calderes. Aparells d&#8217;aire condicionat de tots els sistemes. Pressupostos detallats. &#8230; <a title=\"Calefacci\u00f3 i climatitzaci\u00f3\" class=\"read-more\" href=\"https:\/\/www.instalacionscapel.com\/ca\/serveis\/calefaccio-i-climatitzacio\/\" aria-label=\"M\u00e9s informaci\u00f3 sobre Calefacci\u00f3 i climatitzaci\u00f3\">Llegiu m\u00e9s<\/a><\/p>\n","protected":false},"author":1,"featured_media":0,"parent":454,"menu_order":0,"comment_status":"closed","ping_status":"closed","template":"","meta":{"_monsterinsights_skip_tracking":false,"_monsterinsights_sitenote_active":false,"_monsterinsights_sitenote_note":"","_monsterinsights_sitenote_category":0,"footnotes":""},"class_list":["post-461","page","type-page","status-publish"],"yoast_head":"<!-- This site is optimized with the Yoast SEO plugin v26.7 - https:\/\/yoast.com\/wordpress\/plugins\/seo\/ -->\n<title>Calefacci\u00f3 i climatitzaci\u00f3 - Instal\u00b7lacions Capel<\/title>\n<meta name=\"description\" content=\"Fem instal\u00b7lacions de calefacci\u00f3 i climatitzaci\u00f3 a l&#039;Empord\u00e0 en espais p\u00fablics i dom\u00e8stics, a gas o gasoil.\" \/>\n<meta name=\"robots\" content=\"index, follow, max-snippet:-1, max-image-preview:large, max-video-preview:-1\" \/>\n<link rel=\"canonical\" href=\"https:\/\/www.instalacionscapel.com\/ca\/serveis\/calefaccio-i-climatitzacio\/\" \/>\n<meta property=\"og:locale\" content=\"ca_ES\" \/>\n<meta property=\"og:type\" content=\"article\" \/>\n<meta property=\"og:title\" content=\"Calefacci\u00f3 i climatitzaci\u00f3 - Instal\u00b7lacions Capel\" \/>\n<meta property=\"og:description\" content=\"Fem instal\u00b7lacions de calefacci\u00f3 i climatitzaci\u00f3 a l&#039;Empord\u00e0 en espais p\u00fablics i dom\u00e8stics, a gas o gasoil.\" \/>\n<meta property=\"og:url\" content=\"https:\/\/www.instalacionscapel.com\/ca\/serveis\/calefaccio-i-climatitzacio\/\" \/>\n<meta property=\"og:site_name\" content=\"Instal\u00b7lacions Capel\" \/>\n<meta property=\"article:modified_time\" content=\"2026-01-12T11:36:55+00:00\" \/>\n<meta property=\"og:image\" content=\"https:\/\/www.instalacionscapel.com\/wp-content\/uploads\/2020\/11\/icona_calefaccio_w.png\" \/>\n\t<meta property=\"og:image:width\" content=\"116\" \/>\n\t<meta property=\"og:image:height\" content=\"116\" \/>\n\t<meta property=\"og:image:type\" content=\"image\/png\" \/>\n<meta name=\"twitter:card\" content=\"summary_large_image\" \/>\n<script type=\"application\/ld+json\" class=\"yoast-schema-graph\">{\"@context\":\"https:\/\/schema.org\",\"@graph\":[{\"@type\":\"WebPage\",\"@id\":\"https:\/\/www.instalacionscapel.com\/ca\/serveis\/calefaccio-i-climatitzacio\/\",\"url\":\"https:\/\/www.instalacionscapel.com\/ca\/serveis\/calefaccio-i-climatitzacio\/\",\"name\":\"Calefacci\u00f3 i climatitzaci\u00f3 - Instal\u00b7lacions Capel\",\"isPartOf\":{\"@id\":\"https:\/\/www.instalacionscapel.com\/ca\/#website\"},\"primaryImageOfPage\":{\"@id\":\"https:\/\/www.instalacionscapel.com\/ca\/serveis\/calefaccio-i-climatitzacio\/#primaryimage\"},\"image\":{\"@id\":\"https:\/\/www.instalacionscapel.com\/ca\/serveis\/calefaccio-i-climatitzacio\/#primaryimage\"},\"thumbnailUrl\":\"https:\/\/www.instalacionscapel.com\/wp-content\/uploads\/2020\/11\/icona_calefaccio_w.png\",\"datePublished\":\"2020-11-20T09:36:18+00:00\",\"dateModified\":\"2026-01-12T11:36:55+00:00\",\"description\":\"Fem instal\u00b7lacions de calefacci\u00f3 i climatitzaci\u00f3 a l'Empord\u00e0 en espais p\u00fablics i dom\u00e8stics, a gas o gasoil.\",\"breadcrumb\":{\"@id\":\"https:\/\/www.instalacionscapel.com\/ca\/serveis\/calefaccio-i-climatitzacio\/#breadcrumb\"},\"inLanguage\":\"ca\",\"potentialAction\":[{\"@type\":\"ReadAction\",\"target\":[\"https:\/\/www.instalacionscapel.com\/ca\/serveis\/calefaccio-i-climatitzacio\/\"]}]},{\"@type\":\"ImageObject\",\"inLanguage\":\"ca\",\"@id\":\"https:\/\/www.instalacionscapel.com\/ca\/serveis\/calefaccio-i-climatitzacio\/#primaryimage\",\"url\":\"https:\/\/www.instalacionscapel.com\/wp-content\/uploads\/2020\/11\/icona_calefaccio_w.png\",\"contentUrl\":\"https:\/\/www.instalacionscapel.com\/wp-content\/uploads\/2020\/11\/icona_calefaccio_w.png\"},{\"@type\":\"BreadcrumbList\",\"@id\":\"https:\/\/www.instalacionscapel.com\/ca\/serveis\/calefaccio-i-climatitzacio\/#breadcrumb\",\"itemListElement\":[{\"@type\":\"ListItem\",\"position\":1,\"name\":\"Portada\",\"item\":\"https:\/\/www.instalacionscapel.com\/ca\/\"},{\"@type\":\"ListItem\",\"position\":2,\"name\":\"Serveis\",\"item\":\"https:\/\/www.instalacionscapel.com\/ca\/serveis\/\"},{\"@type\":\"ListItem\",\"position\":3,\"name\":\"Calefacci\u00f3 i climatitzaci\u00f3\"}]},{\"@type\":\"WebSite\",\"@id\":\"https:\/\/www.instalacionscapel.com\/ca\/#website\",\"url\":\"https:\/\/www.instalacionscapel.com\/ca\/\",\"name\":\"Instal\u00b7lacions Capel\",\"description\":\"Otro sitio realizado con WordPress\",\"publisher\":{\"@id\":\"https:\/\/www.instalacionscapel.com\/ca\/#organization\"},\"potentialAction\":[{\"@type\":\"SearchAction\",\"target\":{\"@type\":\"EntryPoint\",\"urlTemplate\":\"https:\/\/www.instalacionscapel.com\/ca\/?s={search_term_string}\"},\"query-input\":{\"@type\":\"PropertyValueSpecification\",\"valueRequired\":true,\"valueName\":\"search_term_string\"}}],\"inLanguage\":\"ca\"},{\"@type\":\"Organization\",\"@id\":\"https:\/\/www.instalacionscapel.com\/ca\/#organization\",\"name\":\"Instal\u00b7lacions Capel\",\"url\":\"https:\/\/www.instalacionscapel.com\/ca\/\",\"logo\":{\"@type\":\"ImageObject\",\"inLanguage\":\"ca\",\"@id\":\"https:\/\/www.instalacionscapel.com\/ca\/#\/schema\/logo\/image\/\",\"url\":\"https:\/\/www.instalacionscapel.com\/wp-content\/uploads\/2020\/11\/logo_capel_web.jpg\",\"contentUrl\":\"https:\/\/www.instalacionscapel.com\/wp-content\/uploads\/2020\/11\/logo_capel_web.jpg\",\"width\":456,\"height\":117,\"caption\":\"Instal\u00b7lacions Capel\"},\"image\":{\"@id\":\"https:\/\/www.instalacionscapel.com\/ca\/#\/schema\/logo\/image\/\"}}]}<\/script>\n<!-- \/ Yoast SEO plugin. -->","yoast_head_json":{"title":"Calefacci\u00f3 i climatitzaci\u00f3 - Instal\u00b7lacions Capel","description":"Fem instal\u00b7lacions de calefacci\u00f3 i climatitzaci\u00f3 a l'Empord\u00e0 en espais p\u00fablics i dom\u00e8stics, a gas o gasoil.","robots":{"index":"index","follow":"follow","max-snippet":"max-snippet:-1","max-image-preview":"max-image-preview:large","max-video-preview":"max-video-preview:-1"},"canonical":"https:\/\/www.instalacionscapel.com\/ca\/serveis\/calefaccio-i-climatitzacio\/","og_locale":"ca_ES","og_type":"article","og_title":"Calefacci\u00f3 i climatitzaci\u00f3 - Instal\u00b7lacions Capel","og_description":"Fem instal\u00b7lacions de calefacci\u00f3 i climatitzaci\u00f3 a l'Empord\u00e0 en espais p\u00fablics i dom\u00e8stics, a gas o gasoil.","og_url":"https:\/\/www.instalacionscapel.com\/ca\/serveis\/calefaccio-i-climatitzacio\/","og_site_name":"Instal\u00b7lacions Capel","article_modified_time":"2026-01-12T11:36:55+00:00","og_image":[{"width":116,"height":116,"url":"https:\/\/www.instalacionscapel.com\/wp-content\/uploads\/2020\/11\/icona_calefaccio_w.png","type":"image\/png"}],"twitter_card":"summary_large_image","schema":{"@context":"https:\/\/schema.org","@graph":[{"@type":"WebPage","@id":"https:\/\/www.instalacionscapel.com\/ca\/serveis\/calefaccio-i-climatitzacio\/","url":"https:\/\/www.instalacionscapel.com\/ca\/serveis\/calefaccio-i-climatitzacio\/","name":"Calefacci\u00f3 i climatitzaci\u00f3 - Instal\u00b7lacions Capel","isPartOf":{"@id":"https:\/\/www.instalacionscapel.com\/ca\/#website"},"primaryImageOfPage":{"@id":"https:\/\/www.instalacionscapel.com\/ca\/serveis\/calefaccio-i-climatitzacio\/#primaryimage"},"image":{"@id":"https:\/\/www.instalacionscapel.com\/ca\/serveis\/calefaccio-i-climatitzacio\/#primaryimage"},"thumbnailUrl":"https:\/\/www.instalacionscapel.com\/wp-content\/uploads\/2020\/11\/icona_calefaccio_w.png","datePublished":"2020-11-20T09:36:18+00:00","dateModified":"2026-01-12T11:36:55+00:00","description":"Fem instal\u00b7lacions de calefacci\u00f3 i climatitzaci\u00f3 a l'Empord\u00e0 en espais p\u00fablics i dom\u00e8stics, a gas o gasoil.","breadcrumb":{"@id":"https:\/\/www.instalacionscapel.com\/ca\/serveis\/calefaccio-i-climatitzacio\/#breadcrumb"},"inLanguage":"ca","potentialAction":[{"@type":"ReadAction","target":["https:\/\/www.instalacionscapel.com\/ca\/serveis\/calefaccio-i-climatitzacio\/"]}]},{"@type":"ImageObject","inLanguage":"ca","@id":"https:\/\/www.instalacionscapel.com\/ca\/serveis\/calefaccio-i-climatitzacio\/#primaryimage","url":"https:\/\/www.instalacionscapel.com\/wp-content\/uploads\/2020\/11\/icona_calefaccio_w.png","contentUrl":"https:\/\/www.instalacionscapel.com\/wp-content\/uploads\/2020\/11\/icona_calefaccio_w.png"},{"@type":"BreadcrumbList","@id":"https:\/\/www.instalacionscapel.com\/ca\/serveis\/calefaccio-i-climatitzacio\/#breadcrumb","itemListElement":[{"@type":"ListItem","position":1,"name":"Portada","item":"https:\/\/www.instalacionscapel.com\/ca\/"},{"@type":"ListItem","position":2,"name":"Serveis","item":"https:\/\/www.instalacionscapel.com\/ca\/serveis\/"},{"@type":"ListItem","position":3,"name":"Calefacci\u00f3 i climatitzaci\u00f3"}]},{"@type":"WebSite","@id":"https:\/\/www.instalacionscapel.com\/ca\/#website","url":"https:\/\/www.instalacionscapel.com\/ca\/","name":"Instal\u00b7lacions Capel","description":"Otro sitio realizado con WordPress","publisher":{"@id":"https:\/\/www.instalacionscapel.com\/ca\/#organization"},"potentialAction":[{"@type":"SearchAction","target":{"@type":"EntryPoint","urlTemplate":"https:\/\/www.instalacionscapel.com\/ca\/?s={search_term_string}"},"query-input":{"@type":"PropertyValueSpecification","valueRequired":true,"valueName":"search_term_string"}}],"inLanguage":"ca"},{"@type":"Organization","@id":"https:\/\/www.instalacionscapel.com\/ca\/#organization","name":"Instal\u00b7lacions Capel","url":"https:\/\/www.instalacionscapel.com\/ca\/","logo":{"@type":"ImageObject","inLanguage":"ca","@id":"https:\/\/www.instalacionscapel.com\/ca\/#\/schema\/logo\/image\/","url":"https:\/\/www.instalacionscapel.com\/wp-content\/uploads\/2020\/11\/logo_capel_web.jpg","contentUrl":"https:\/\/www.instalacionscapel.com\/wp-content\/uploads\/2020\/11\/logo_capel_web.jpg","width":456,"height":117,"caption":"Instal\u00b7lacions Capel"},"image":{"@id":"https:\/\/www.instalacionscapel.com\/ca\/#\/schema\/logo\/image\/"}}]}},"_links":{"self":[{"href":"https:\/\/www.instalacionscapel.com\/ca\/wp-json\/wp\/v2\/pages\/461","targetHints":{"allow":["GET"]}}],"collection":[{"href":"https:\/\/www.instalacionscapel.com\/ca\/wp-json\/wp\/v2\/pages"}],"about":[{"href":"https:\/\/www.instalacionscapel.com\/ca\/wp-json\/wp\/v2\/types\/page"}],"author":[{"embeddable":true,"href":"https:\/\/www.instalacionscapel.com\/ca\/wp-json\/wp\/v2\/users\/1"}],"replies":[{"embeddable":true,"href":"https:\/\/www.instalacionscapel.com\/ca\/wp-json\/wp\/v2\/comments?post=461"}],"version-history":[{"count":6,"href":"https:\/\/www.instalacionscapel.com\/ca\/wp-json\/wp\/v2\/pages\/461\/revisions"}],"predecessor-version":[{"id":1009,"href":"https:\/\/www.instalacionscapel.com\/ca\/wp-json\/wp\/v2\/pages\/461\/revisions\/1009"}],"up":[{"embeddable":true,"href":"https:\/\/www.instalacionscapel.com\/ca\/wp-json\/wp\/v2\/pages\/454"}],"wp:attachment":[{"href":"https:\/\/www.instalacionscapel.com\/ca\/wp-json\/wp\/v2\/media?parent=461"}],"curies":[{"name":"wp","href":"https:\/\/api.w.org\/{rel}","templated":true}]}}